{"id":153,"date":"2020-08-28T02:56:18","date_gmt":"2020-08-28T00:56:18","guid":{"rendered":"http:\/\/le909.com\/wordpress\/?page_id=153"},"modified":"2025-09-10T17:41:48","modified_gmt":"2025-09-10T15:41:48","slug":"les-ateliers","status":"publish","type":"page","link":"https:\/\/le909.com\/wordpress\/les-ateliers\/","title":{"rendered":"Les ateliers de cr\u00e9ations artistiques (Th\u00e9\u00e2tre)"},"content":{"rendered":"\t\t<div data-elementor-type=\"wp-page\" data-elementor-id=\"153\" class=\"elementor elementor-153\">\n\t\t\t\t<div class=\"elementor-element elementor-element-5c3c666 e-flex e-con-boxed wpr-particle-no wpr-jarallax-no wpr-parallax-no wpr-sticky-section-no e-con e-parent\" data-id=\"5c3c666\" data-element_type=\"container\" data-e-type=\"container\">\n\t\t\t\t\t<div class=\"e-con-inner\">\n\t\t\t\t<div class=\"elementor-element elementor-element-5606e8b elementor-widget elementor-widget-image\" data-id=\"5606e8b\" data-element_type=\"widget\" data-e-type=\"widget\" data-widget_type=\"image.default\">\n\t\t\t\t<div class=\"elementor-widget-container\">\n\t\t\t\t\t\t\t\t\t\t\t\t\t\t\t<img fetchpriority=\"high\" decoding=\"async\" width=\"525\" height=\"656\" src=\"https:\/\/le909.com\/wordpress\/wp-content\/uploads\/2025\/09\/541787978_1256315363206291_1127058529963258278_n-820x1024.jpg\" class=\"attachment-large size-large wp-image-2335\" alt=\"\" srcset=\"https:\/\/le909.com\/wordpress\/wp-content\/uploads\/2025\/09\/541787978_1256315363206291_1127058529963258278_n-820x1024.jpg 820w, https:\/\/le909.com\/wordpress\/wp-content\/uploads\/2025\/09\/541787978_1256315363206291_1127058529963258278_n-240x300.jpg 240w, https:\/\/le909.com\/wordpress\/wp-content\/uploads\/2025\/09\/541787978_1256315363206291_1127058529963258278_n-768x960.jpg 768w, https:\/\/le909.com\/wordpress\/wp-content\/uploads\/2025\/09\/541787978_1256315363206291_1127058529963258278_n-1229x1536.jpg 1229w, https:\/\/le909.com\/wordpress\/wp-content\/uploads\/2025\/09\/541787978_1256315363206291_1127058529963258278_n.jpg 1287w\" sizes=\"100vw\" \/>\t\t\t\t\t\t\t\t\t\t\t\t\t\t\t<\/div>\n\t\t\t\t<\/div>\n\t\t\t\t\t<\/div>\n\t\t\t\t<\/div>\n\t\t<div class=\"elementor-element elementor-element-5e4da9a4 e-flex e-con-boxed wpr-particle-no wpr-jarallax-no wpr-parallax-no wpr-sticky-section-no e-con e-parent\" data-id=\"5e4da9a4\" data-element_type=\"container\" data-e-type=\"container\">\n\t\t\t\t\t<div class=\"e-con-inner\">\n\t\t\t\t<div class=\"elementor-element elementor-element-39ad11b7 elementor-widget elementor-widget-text-editor\" data-id=\"39ad11b7\" data-element_type=\"widget\" data-e-type=\"widget\" data-widget_type=\"text-editor.default\">\n\t\t\t\t<div class=\"elementor-widget-container\">\n\t\t\t\t\t\t\t\t\t<p data-start=\"62\" data-end=\"309\">Envie de faire d\u00e9couvrir le th\u00e9\u00e2tre \u00e0 vos enfants ou adolescents ?<br data-start=\"132\" data-end=\"135\" \/>Votre enfant pratique d\u00e9j\u00e0 le th\u00e9\u00e2tre et souhaite se perfectionner ?<br data-start=\"203\" data-end=\"206\" \/>Ou peut-\u00eatre avez-vous vous-m\u00eame envie de monter sur sc\u00e8ne ?<\/p>\n<p>Nous proposons des <strong data-start=\"2936\" data-end=\"2982\">ateliers de th\u00e9\u00e2tre \u00e0 Castelculier (47240)<\/strong>, \u00e0 seulement quelques minutes<strong data-start=\"2936\" data-end=\"2982\"> d\u2019Agen.<\/strong>\u00a0 Ces ateliers s\u2019adressent aux enfants (d\u00e8s l\u2019\u00e9cole primaire), aux adolescents et aux adultes, d\u00e9butants comme confirm\u00e9s.<\/p>\n<p><!-- \/wp:paragraph --><!-- wp:paragraph --><\/p>\n<p>Ce sont des ateliers r\u00e9guliers de cr\u00e9ation artistique encadr\u00e9s par des acteurs professionnels et metteurs en sc\u00e8ne.<\/p>\n<p><!-- \/wp:paragraph --><!-- wp:paragraph --><\/p>\n<p>Ils offrent la possibilit\u00e9 de s&rsquo;initier ou de se perfectionner \u00e0 l&rsquo;art de l&rsquo;acteur, \u00e0 travers des ateliers qui d\u00e9bouchent sur un spectacle en fin d&rsquo;ann\u00e9e.<\/p>\n<p><!-- \/wp:paragraph --><!-- wp:paragraph --><\/p>\n<p><!-- \/wp:buttons --><\/p>\t\t\t\t\t\t\t\t<\/div>\n\t\t\t\t<\/div>\n\t\t\t\t\t<\/div>\n\t\t\t\t<\/div>\n\t\t<div class=\"elementor-element elementor-element-b1caec2 e-flex e-con-boxed wpr-particle-no wpr-jarallax-no wpr-parallax-no wpr-sticky-section-no e-con e-parent\" data-id=\"b1caec2\" data-element_type=\"container\" data-e-type=\"container\">\n\t\t\t\t\t<div class=\"e-con-inner\">\n\t\t\t\t<div class=\"elementor-element elementor-element-15a5e5a elementor-widget elementor-widget-image\" data-id=\"15a5e5a\" data-element_type=\"widget\" data-e-type=\"widget\" data-widget_type=\"image.default\">\n\t\t\t\t<div class=\"elementor-widget-container\">\n\t\t\t\t\t\t\t\t\t\t\t\t\t\t\t<img decoding=\"async\" width=\"525\" height=\"394\" src=\"https:\/\/le909.com\/wordpress\/wp-content\/uploads\/2025\/09\/505051114_1179055097598985_1392405407073029508_n-1024x768.jpg\" class=\"attachment-large size-large wp-image-2273\" alt=\"\" srcset=\"https:\/\/le909.com\/wordpress\/wp-content\/uploads\/2025\/09\/505051114_1179055097598985_1392405407073029508_n-1024x768.jpg 1024w, https:\/\/le909.com\/wordpress\/wp-content\/uploads\/2025\/09\/505051114_1179055097598985_1392405407073029508_n-300x225.jpg 300w, https:\/\/le909.com\/wordpress\/wp-content\/uploads\/2025\/09\/505051114_1179055097598985_1392405407073029508_n-768x576.jpg 768w, https:\/\/le909.com\/wordpress\/wp-content\/uploads\/2025\/09\/505051114_1179055097598985_1392405407073029508_n-1536x1152.jpg 1536w, https:\/\/le909.com\/wordpress\/wp-content\/uploads\/2025\/09\/505051114_1179055097598985_1392405407073029508_n.jpg 2048w\" sizes=\"100vw\" \/>\t\t\t\t\t\t\t\t\t\t\t\t\t\t\t<\/div>\n\t\t\t\t<\/div>\n\t\t\t\t\t<\/div>\n\t\t\t\t<\/div>\n\t\t<div class=\"elementor-element elementor-element-e56cdfa e-flex e-con-boxed wpr-particle-no wpr-jarallax-no wpr-parallax-no wpr-sticky-section-no e-con e-parent\" data-id=\"e56cdfa\" data-element_type=\"container\" data-e-type=\"container\">\n\t\t\t\t\t<div class=\"e-con-inner\">\n\t\t\t\t<div class=\"elementor-element elementor-element-092ba18 elementor-widget elementor-widget-spacer\" data-id=\"092ba18\" data-element_type=\"widget\" data-e-type=\"widget\" data-widget_type=\"spacer.default\">\n\t\t\t\t<div class=\"elementor-widget-container\">\n\t\t\t\t\t\t\t<div class=\"elementor-spacer\">\n\t\t\t<div class=\"elementor-spacer-inner\"><\/div>\n\t\t<\/div>\n\t\t\t\t\t\t<\/div>\n\t\t\t\t<\/div>\n\t\t\t\t<div class=\"elementor-element elementor-element-ce35746 elementor-widget elementor-widget-heading\" data-id=\"ce35746\" data-element_type=\"widget\" data-e-type=\"widget\" data-widget_type=\"heading.default\">\n\t\t\t\t<div class=\"elementor-widget-container\">\n\t\t\t\t\t<h2 class=\"elementor-heading-title elementor-size-default\">LES INTERVENANTES<\/h2>\t\t\t\t<\/div>\n\t\t\t\t<\/div>\n\t\t\t\t\t<\/div>\n\t\t\t\t<\/div>\n\t\t<div class=\"elementor-element elementor-element-b130b55 e-flex e-con-boxed wpr-particle-no wpr-jarallax-no wpr-parallax-no wpr-sticky-section-no e-con e-parent\" data-id=\"b130b55\" data-element_type=\"container\" data-e-type=\"container\">\n\t\t\t\t\t<div class=\"e-con-inner\">\n\t\t<div class=\"elementor-element elementor-element-2dcfd7d e-con-full e-flex wpr-particle-no wpr-jarallax-no wpr-parallax-no wpr-sticky-section-no e-con e-child\" data-id=\"2dcfd7d\" data-element_type=\"container\" data-e-type=\"container\">\n\t\t\t\t<div class=\"elementor-element elementor-element-18009a3 elementor-widget elementor-widget-image\" data-id=\"18009a3\" data-element_type=\"widget\" data-e-type=\"widget\" data-widget_type=\"image.default\">\n\t\t\t\t<div class=\"elementor-widget-container\">\n\t\t\t\t\t\t\t\t\t\t\t\t<figure class=\"wp-caption\">\n\t\t\t\t\t\t\t\t\t\t<img decoding=\"async\" width=\"500\" height=\"751\" src=\"https:\/\/le909.com\/wordpress\/wp-content\/uploads\/2025\/09\/alix.jpeg\" class=\"attachment-large size-large wp-image-2288\" alt=\"\" srcset=\"https:\/\/le909.com\/wordpress\/wp-content\/uploads\/2025\/09\/alix.jpeg 500w, https:\/\/le909.com\/wordpress\/wp-content\/uploads\/2025\/09\/alix-200x300.jpeg 200w\" sizes=\"100vw\" \/>\t\t\t\t\t\t\t\t\t\t\t<figcaption class=\"widget-image-caption wp-caption-text\">Alix Souli\u00e9<\/figcaption>\n\t\t\t\t\t\t\t\t\t\t<\/figure>\n\t\t\t\t\t\t\t\t\t<\/div>\n\t\t\t\t<\/div>\n\t\t\t\t<\/div>\n\t\t<div class=\"elementor-element elementor-element-032f2a3 e-con-full e-flex wpr-particle-no wpr-jarallax-no wpr-parallax-no wpr-sticky-section-no e-con e-child\" data-id=\"032f2a3\" data-element_type=\"container\" data-e-type=\"container\">\n\t\t\t\t<div class=\"elementor-element elementor-element-7add33e elementor-widget elementor-widget-text-editor\" data-id=\"7add33e\" data-element_type=\"widget\" data-e-type=\"widget\" data-widget_type=\"text-editor.default\">\n\t\t\t\t<div class=\"elementor-widget-container\">\n\t\t\t\t\t\t\t\t\t<p><strong>Alix Soulli\u00e9<\/strong> est com\u00e9dienne et metteuse en sc\u00e8ne. Elle dirige et s&rsquo;occupe des ateliers de th\u00e9\u00e2tre de l&rsquo;association depuis de nombreuses ann\u00e9es. N\u00e9e dans les coteaux troglodytes du Lot et Garonne. Derni\u00e8re d\u2019une famille de quatre enfants, \u00e0 7 ans elle sait que son avenir sera sur sc\u00e8ne : danse, chant, violon, acrobatie, com\u00e9die .\u00a0\u00a0<\/p>\t\t\t\t\t\t\t\t<\/div>\n\t\t\t\t<\/div>\n\t\t\t\t<\/div>\n\t\t\t\t\t<\/div>\n\t\t\t\t<\/div>\n\t\t<div class=\"elementor-element elementor-element-3118fa1 e-flex e-con-boxed wpr-particle-no wpr-jarallax-no wpr-parallax-no wpr-sticky-section-no e-con e-parent\" data-id=\"3118fa1\" data-element_type=\"container\" data-e-type=\"container\">\n\t\t\t\t\t<div class=\"e-con-inner\">\n\t\t\t\t<div class=\"elementor-element elementor-element-9ac3e0a elementor-widget elementor-widget-text-editor\" data-id=\"9ac3e0a\" data-element_type=\"widget\" data-e-type=\"widget\" data-widget_type=\"text-editor.default\">\n\t\t\t\t<div class=\"elementor-widget-container\">\n\t\t\t\t\t\t\t\t\t<p>Elle entre dans le cursus de l\u2019\u00e9cole Sup\u00e9rieure d\u2019 Art dramatique de Pierre D\u00e9bauche de 1997 \u00e0 2000. Plus de vingt ans apr\u00e8s, apr\u00e8s avoir enseign\u00e9 dans des centres culturels toulousains,\u00a0 \u00eatre intervenue dans des ONG, des prisons, titulaire du DNSPC, dipl\u00f4me national sup\u00e9rieur, avoir travaill\u00e9 dans l&rsquo;audiovisuel et le cin\u00e9ma, elle continue d&rsquo;affirmer son parcours d&rsquo;artiste \u00e0 la t\u00eate de sa <span style=\"text-decoration: underline;\"><a href=\"https:\/\/anomaliques.com\/\" target=\"_blank\" rel=\"noopener\">compagnie Anomaliques<\/a>,<\/span> sp\u00e9cialis\u00e9e dans le travail du corps, du mouvement, ou encore du th\u00e9\u00e2tre d&rsquo;objets, elle s&rsquo;investit autant dans la cr\u00e9ation que la p\u00e9dagogie et transmet sa passion de la sc\u00e8ne et du spectacle vivant avec un enthousiasme unique et contagieux. Embauch\u00e9e aussi par la compagnie de l&rsquo;escalier qui monte \u00e0 Agen o\u00f9 elle dirige des ateliers d&rsquo;improvisations,\u00a0 vous comprendrez vite en la rencontrant qu&rsquo;elle n\u2019aime pas les escaliers et pr\u00e9f\u00e8re grimper aux arbres.<\/p>\t\t\t\t\t\t\t\t<\/div>\n\t\t\t\t<\/div>\n\t\t\t\t\t<\/div>\n\t\t\t\t<\/div>\n\t\t<div class=\"elementor-element elementor-element-ce4b7af e-flex e-con-boxed wpr-particle-no wpr-jarallax-no wpr-parallax-no wpr-sticky-section-no e-con e-parent\" data-id=\"ce4b7af\" data-element_type=\"container\" data-e-type=\"container\">\n\t\t\t\t\t<div class=\"e-con-inner\">\n\t\t<div class=\"elementor-element elementor-element-a4bc8aa e-con-full e-flex wpr-particle-no wpr-jarallax-no wpr-parallax-no wpr-sticky-section-no e-con e-child\" data-id=\"a4bc8aa\" data-element_type=\"container\" data-e-type=\"container\">\n\t\t\t\t<div class=\"elementor-element elementor-element-c724947 elementor-widget elementor-widget-image\" data-id=\"c724947\" data-element_type=\"widget\" data-e-type=\"widget\" data-widget_type=\"image.default\">\n\t\t\t\t<div class=\"elementor-widget-container\">\n\t\t\t\t\t\t\t\t\t\t\t\t<figure class=\"wp-caption\">\n\t\t\t\t\t\t\t\t\t\t<img loading=\"lazy\" decoding=\"async\" width=\"525\" height=\"525\" src=\"https:\/\/le909.com\/wordpress\/wp-content\/uploads\/2025\/09\/1737476338638.jpeg\" class=\"attachment-large size-large wp-image-2289\" alt=\"\" srcset=\"https:\/\/le909.com\/wordpress\/wp-content\/uploads\/2025\/09\/1737476338638.jpeg 800w, https:\/\/le909.com\/wordpress\/wp-content\/uploads\/2025\/09\/1737476338638-300x300.jpeg 300w, https:\/\/le909.com\/wordpress\/wp-content\/uploads\/2025\/09\/1737476338638-150x150.jpeg 150w, https:\/\/le909.com\/wordpress\/wp-content\/uploads\/2025\/09\/1737476338638-768x768.jpeg 768w, https:\/\/le909.com\/wordpress\/wp-content\/uploads\/2025\/09\/1737476338638-100x100.jpeg 100w\" sizes=\"100vw\" \/>\t\t\t\t\t\t\t\t\t\t\t<figcaption class=\"widget-image-caption wp-caption-text\">Morgane Magnier<\/figcaption>\n\t\t\t\t\t\t\t\t\t\t<\/figure>\n\t\t\t\t\t\t\t\t\t<\/div>\n\t\t\t\t<\/div>\n\t\t\t\t<\/div>\n\t\t<div class=\"elementor-element elementor-element-0934829 e-con-full e-flex wpr-particle-no wpr-jarallax-no wpr-parallax-no wpr-sticky-section-no e-con e-child\" data-id=\"0934829\" data-element_type=\"container\" data-e-type=\"container\">\n\t\t\t\t<div class=\"elementor-element elementor-element-eba9cbe elementor-widget elementor-widget-text-editor\" data-id=\"eba9cbe\" data-element_type=\"widget\" data-e-type=\"widget\" data-widget_type=\"text-editor.default\">\n\t\t\t\t<div class=\"elementor-widget-container\">\n\t\t\t\t\t\t\t\t\t<p><strong>Morgane Magnier<\/strong> est com\u00e9dienne, metteuse en sc\u00e8ne et autrice, et elle nous rejoint cette ann\u00e9e pour venir prendre en charge nos ateliers de th\u00e9\u00e2tre.\u00a0 Morgane commence le th\u00e9\u00e2tre en 2013. Elle s&rsquo;y forme dans de multiples lieux : cours amateurs, option au lyc\u00e9e, conservatoire de Bordeaux,en Corse aux 25\u00e8mes rencontres de th\u00e9\u00e2tre internationales<\/p>\t\t\t\t\t\t\t\t<\/div>\n\t\t\t\t<\/div>\n\t\t\t\t<\/div>\n\t\t\t\t\t<\/div>\n\t\t\t\t<\/div>\n\t\t<div class=\"elementor-element elementor-element-25a2a3c e-flex e-con-boxed wpr-particle-no wpr-jarallax-no wpr-parallax-no wpr-sticky-section-no e-con e-parent\" data-id=\"25a2a3c\" data-element_type=\"container\" data-e-type=\"container\">\n\t\t\t\t\t<div class=\"e-con-inner\">\n\t\t\t\t<div class=\"elementor-element elementor-element-7e509a4 elementor-widget elementor-widget-text-editor\" data-id=\"7e509a4\" data-element_type=\"widget\" data-e-type=\"widget\" data-widget_type=\"text-editor.default\">\n\t\t\t\t<div class=\"elementor-widget-container\">\n\t\t\t\t\t\t\t\t\t<p>au th\u00e9\u00e2tre des ateliers \u00e0 Aix-en-Provence, au th\u00e9\u00e2tre le Hangar \u00e0 Toulouse&#8230;<\/p>\n<div>En parall\u00e8le, elle joue dans plusieurs spectacles pour enfants : La Cabane, La Petite Sir\u00e8ne, Conte Givr\u00e9 &#8230;<\/div>\n<div>En tant que professeur de th\u00e9\u00e2tre, Morgane aime utiliser les id\u00e9es de ses \u00e9l\u00e8ves, les amenant \u00e0 mettre en sc\u00e8ne leurs propres histoires.\u00a0<\/div>\n<div>Morgane les accompagne pour s&rsquo;affirmer corporellement, en travaillant sur pr\u00e9sence sc\u00e9nique et la voix, dans des exercices bas\u00e9s sur l&rsquo;imaginaire et le sensitif.<\/div>\n<div>L&rsquo;essentiel dans ses cours est avant tout de joyeusement d\u00e9velopper une cr\u00e9ativit\u00e9 individuelle et collective. En plus de son amour inconditionnel pour le th\u00e9\u00e2tre, Morgane aime aussi l&rsquo;\u00e9criture, la danse, la photo et la vid\u00e9o.\u00a0<\/div>\t\t\t\t\t\t\t\t<\/div>\n\t\t\t\t<\/div>\n\t\t\t\t\t<\/div>\n\t\t\t\t<\/div>\n\t\t<div class=\"elementor-element elementor-element-c338500 e-flex e-con-boxed wpr-particle-no wpr-jarallax-no wpr-parallax-no wpr-sticky-section-no e-con e-parent\" data-id=\"c338500\" data-element_type=\"container\" data-e-type=\"container\">\n\t\t\t\t\t<div class=\"e-con-inner\">\n\t\t<div class=\"elementor-element elementor-element-bc9a67b e-con-full e-flex wpr-particle-no wpr-jarallax-no wpr-parallax-no wpr-sticky-section-no e-con e-child\" data-id=\"bc9a67b\" data-element_type=\"container\" data-e-type=\"container\">\n\t\t\t\t<div class=\"elementor-element elementor-element-08ad5f6 elementor-widget elementor-widget-image\" data-id=\"08ad5f6\" data-element_type=\"widget\" data-e-type=\"widget\" data-widget_type=\"image.default\">\n\t\t\t\t<div class=\"elementor-widget-container\">\n\t\t\t\t\t\t\t\t\t\t\t\t<figure class=\"wp-caption\">\n\t\t\t\t\t\t\t\t\t\t<img loading=\"lazy\" decoding=\"async\" width=\"525\" height=\"677\" src=\"https:\/\/le909.com\/wordpress\/wp-content\/uploads\/2025\/09\/Arnaud-Aldige-.png\" class=\"attachment-large size-large wp-image-2290\" alt=\"\" srcset=\"https:\/\/le909.com\/wordpress\/wp-content\/uploads\/2025\/09\/Arnaud-Aldige-.png 696w, https:\/\/le909.com\/wordpress\/wp-content\/uploads\/2025\/09\/Arnaud-Aldige--233x300.png 233w\" sizes=\"100vw\" \/>\t\t\t\t\t\t\t\t\t\t\t<figcaption class=\"widget-image-caption wp-caption-text\">Arnaud Aldig\u00e9 <\/figcaption>\n\t\t\t\t\t\t\t\t\t\t<\/figure>\n\t\t\t\t\t\t\t\t\t<\/div>\n\t\t\t\t<\/div>\n\t\t\t\t<\/div>\n\t\t<div class=\"elementor-element elementor-element-11ea6f8 e-con-full e-flex wpr-particle-no wpr-jarallax-no wpr-parallax-no wpr-sticky-section-no e-con e-child\" data-id=\"11ea6f8\" data-element_type=\"container\" data-e-type=\"container\">\n\t\t\t\t<div class=\"elementor-element elementor-element-85ae134 elementor-widget elementor-widget-text-editor\" data-id=\"85ae134\" data-element_type=\"widget\" data-e-type=\"widget\" data-widget_type=\"text-editor.default\">\n\t\t\t\t<div class=\"elementor-widget-container\">\n\t\t\t\t\t\t\t\t\t<div><strong>Arnaud Aldig\u00e9<\/strong> est com\u00e9dien et metteur en sc\u00e8ne. Membre fondateur du 909 en 2012, il d\u00e9veloppe sur Castelculier et ses alentours une pratique du th\u00e9\u00e2tre ouverte \u00e0 tous et organise un Festival de th\u00e9\u00e2tre sur la commune qui a lieu tous les ans depuis 2014 \u00e0 la mi-ao\u00fbt. Riche de son parcours d&rsquo;acteur et de son exp\u00e9rience de p\u00e9dagogue dans divers domaines depuis plus de 20 ans, comme l&rsquo;aide \u00e0 la prise de<\/div>\t\t\t\t\t\t\t\t<\/div>\n\t\t\t\t<\/div>\n\t\t\t\t<\/div>\n\t\t\t\t\t<\/div>\n\t\t\t\t<\/div>\n\t\t<div class=\"elementor-element elementor-element-095b9d9 e-flex e-con-boxed wpr-particle-no wpr-jarallax-no wpr-parallax-no wpr-sticky-section-no e-con e-parent\" data-id=\"095b9d9\" data-element_type=\"container\" data-e-type=\"container\">\n\t\t\t\t\t<div class=\"e-con-inner\">\n\t\t\t\t<div class=\"elementor-element elementor-element-f170172 elementor-widget elementor-widget-text-editor\" data-id=\"f170172\" data-element_type=\"widget\" data-e-type=\"widget\" data-widget_type=\"text-editor.default\">\n\t\t\t\t<div class=\"elementor-widget-container\">\n\t\t\t\t\t\t\t\t\t<p>parole en public, la direction de stages \u00e0 destination d&rsquo;artistes professionnels, d&rsquo;amateurs, ou de publics en difficult\u00e9, la formation du personnel p\u00e9nitentiaire \u00e0 l&rsquo;ENAP, ou la prise en charge pendant de nombreuses ann\u00e9es des ateliers du 909 pour tous les niveaux, Arnaud continue son parcours dans le th\u00e9\u00e2tre et sur Agen en \u00e9tant disponible pour \u00e9pauler Alix et Morgane et en s&rsquo;investissant dans toute la partie cr\u00e9ation artistique de l&rsquo;association le 909.<\/p>\t\t\t\t\t\t\t\t<\/div>\n\t\t\t\t<\/div>\n\t\t\t\t\t<\/div>\n\t\t\t\t<\/div>\n\t\t<div class=\"elementor-element elementor-element-738152a e-flex e-con-boxed wpr-particle-no wpr-jarallax-no wpr-parallax-no wpr-sticky-section-no e-con e-parent\" data-id=\"738152a\" data-element_type=\"container\" data-e-type=\"container\">\n\t\t\t\t\t<div class=\"e-con-inner\">\n\t\t\t\t<div class=\"elementor-element elementor-element-862cac1 elementor-widget elementor-widget-heading\" data-id=\"862cac1\" data-element_type=\"widget\" data-e-type=\"widget\" data-widget_type=\"heading.default\">\n\t\t\t\t<div class=\"elementor-widget-container\">\n\t\t\t\t\t<h2 class=\"elementor-heading-title elementor-size-default\">LES HORAIRES<\/h2>\t\t\t\t<\/div>\n\t\t\t\t<\/div>\n\t\t\t\t\t<\/div>\n\t\t\t\t<\/div>\n\t\t<div class=\"elementor-element elementor-element-83f2429 e-grid e-con-boxed wpr-particle-no wpr-jarallax-no wpr-parallax-no wpr-sticky-section-no e-con e-parent\" data-id=\"83f2429\" data-element_type=\"container\" data-e-type=\"container\">\n\t\t\t\t\t<div class=\"e-con-inner\">\n\t\t\t\t<div class=\"elementor-element elementor-element-ef14aaa elementor-widget elementor-widget-text-editor\" data-id=\"ef14aaa\" data-element_type=\"widget\" data-e-type=\"widget\" data-widget_type=\"text-editor.default\">\n\t\t\t\t<div class=\"elementor-widget-container\">\n\t\t\t\t\t\t\t\t\t<p style=\"text-align: center;\"><strong>Les CP\/CE1\/CE2<\/strong><\/p>\n<p style=\"text-align: center;\">Lundi de 17h \u00e0 17h45\u00a0<\/p>\n<p><!-- \/wp:paragraph --><!-- wp:paragraph --><\/p>\t\t\t\t\t\t\t\t<\/div>\n\t\t\t\t<\/div>\n\t\t\t\t<div class=\"elementor-element elementor-element-c16820f elementor-widget elementor-widget-text-editor\" data-id=\"c16820f\" data-element_type=\"widget\" data-e-type=\"widget\" data-widget_type=\"text-editor.default\">\n\t\t\t\t<div class=\"elementor-widget-container\">\n\t\t\t\t\t\t\t\t\t<p style=\"text-align: center;\"><strong>\u00a0Les CM1\/CM2 et coll\u00e9giens\u00a0<\/strong><\/p>\n<p><!-- \/wp:paragraph --><!-- wp:paragraph --><\/p>\n<p style=\"text-align: center;\">Lundi de 18h \u00e0 19h15<\/p>\n<p>\u00a0<\/p>\t\t\t\t\t\t\t\t<\/div>\n\t\t\t\t<\/div>\n\t\t\t\t<div class=\"elementor-element elementor-element-81861eb elementor-widget elementor-widget-text-editor\" data-id=\"81861eb\" data-element_type=\"widget\" data-e-type=\"widget\" data-widget_type=\"text-editor.default\">\n\t\t\t\t<div class=\"elementor-widget-container\">\n\t\t\t\t\t\t\t\t\t<p style=\"text-align: center;\"><strong>Les Lyc\u00e9ens et Adultes\u00a0<\/strong><\/p>\n<p><!-- \/wp:paragraph --><!-- wp:paragraph --><\/p>\n<p style=\"text-align: center;\">Lundi de 19h30 \u00e0 21h30\u00a0<\/p>\t\t\t\t\t\t\t\t<\/div>\n\t\t\t\t<\/div>\n\t\t\t\t\t<\/div>\n\t\t\t\t<\/div>\n\t\t<div class=\"elementor-element elementor-element-a5b9ab3 e-flex e-con-boxed wpr-particle-no wpr-jarallax-no wpr-parallax-no wpr-sticky-section-no e-con e-parent\" data-id=\"a5b9ab3\" data-element_type=\"container\" data-e-type=\"container\">\n\t\t\t\t\t<div class=\"e-con-inner\">\n\t\t\t\t<div class=\"elementor-element elementor-element-d2d46c1 elementor-widget elementor-widget-text-editor\" data-id=\"d2d46c1\" data-element_type=\"widget\" data-e-type=\"widget\" data-widget_type=\"text-editor.default\">\n\t\t\t\t<div class=\"elementor-widget-container\">\n\t\t\t\t\t\t\t\t\t<p>Les cours d\u00e9buteront <strong>le 22 septembre<\/strong> et auront lieu, chaque semaine, sauf pendant les vacances scolaires.<\/p>\n<p>Pour les CM1\/CM2 et coll\u00e9giens, en fonction du nombre d\u2019inscrits, il sera \u00e9ventuellement possible d\u2019ouvrir un cours le mercredi apr\u00e8s-midi, entre 13h30 et 18h (selon les disponibilit\u00e9s).\u00a0<\/p>\t\t\t\t\t\t\t\t<\/div>\n\t\t\t\t<\/div>\n\t\t\t\t\t<\/div>\n\t\t\t\t<\/div>\n\t\t<div class=\"elementor-element elementor-element-f357533 e-flex e-con-boxed wpr-particle-no wpr-jarallax-no wpr-parallax-no wpr-sticky-section-no e-con e-parent\" data-id=\"f357533\" data-element_type=\"container\" data-e-type=\"container\">\n\t\t\t\t\t<div class=\"e-con-inner\">\n\t\t\t\t<div class=\"elementor-element elementor-element-93c5f65 elementor-widget elementor-widget-heading\" data-id=\"93c5f65\" data-element_type=\"widget\" data-e-type=\"widget\" data-widget_type=\"heading.default\">\n\t\t\t\t<div class=\"elementor-widget-container\">\n\t\t\t\t\t<h2 class=\"elementor-heading-title elementor-size-default\">LES TARIFS <\/h2>\t\t\t\t<\/div>\n\t\t\t\t<\/div>\n\t\t\t\t\t<\/div>\n\t\t\t\t<\/div>\n\t\t<div class=\"elementor-element elementor-element-b68cb1e e-grid e-con-boxed wpr-particle-no wpr-jarallax-no wpr-parallax-no wpr-sticky-section-no e-con e-parent\" data-id=\"b68cb1e\" data-element_type=\"container\" data-e-type=\"container\">\n\t\t\t\t\t<div class=\"e-con-inner\">\n\t\t\t\t<div class=\"elementor-element elementor-element-fb1147e elementor-widget elementor-widget-text-editor\" data-id=\"fb1147e\" data-element_type=\"widget\" data-e-type=\"widget\" data-widget_type=\"text-editor.default\">\n\t\t\t\t<div class=\"elementor-widget-container\">\n\t\t\t\t\t\t\t\t\t<p style=\"text-align: center;\"><strong>Les CP\/CE1\/CE2<\/strong><\/p>\n<p style=\"text-align: center;\">240 euros<\/p>\n<p><!-- \/wp:paragraph --><!-- wp:paragraph --><\/p>\t\t\t\t\t\t\t\t<\/div>\n\t\t\t\t<\/div>\n\t\t\t\t<div class=\"elementor-element elementor-element-5ae8ae1 elementor-widget elementor-widget-text-editor\" data-id=\"5ae8ae1\" data-element_type=\"widget\" data-e-type=\"widget\" data-widget_type=\"text-editor.default\">\n\t\t\t\t<div class=\"elementor-widget-container\">\n\t\t\t\t\t\t\t\t\t<p style=\"text-align: center;\"><strong>\u00a0Les CM1\/CM2 et Coll\u00e9giens\u00a0<\/strong><\/p>\n<p><!-- \/wp:paragraph --><!-- wp:paragraph --><\/p>\n<p style=\"text-align: center;\">240 euros<\/p>\t\t\t\t\t\t\t\t<\/div>\n\t\t\t\t<\/div>\n\t\t\t\t<div class=\"elementor-element elementor-element-99edbf6 elementor-widget elementor-widget-text-editor\" data-id=\"99edbf6\" data-element_type=\"widget\" data-e-type=\"widget\" data-widget_type=\"text-editor.default\">\n\t\t\t\t<div class=\"elementor-widget-container\">\n\t\t\t\t\t\t\t\t\t<p style=\"text-align: center;\"><strong>Les\u00a0<\/strong><strong> Lyc\u00e9ens et Adultes<\/strong><\/p>\n<p><!-- \/wp:paragraph --><!-- wp:paragraph --><\/p>\n<p style=\"text-align: center;\">300 euros<\/p>\t\t\t\t\t\t\t\t<\/div>\n\t\t\t\t<\/div>\n\t\t\t\t\t<\/div>\n\t\t\t\t<\/div>\n\t\t<div class=\"elementor-element elementor-element-c36d6bb e-flex e-con-boxed wpr-particle-no wpr-jarallax-no wpr-parallax-no wpr-sticky-section-no e-con e-parent\" data-id=\"c36d6bb\" data-element_type=\"container\" data-e-type=\"container\">\n\t\t\t\t\t<div class=\"e-con-inner\">\n\t\t\t\t<div class=\"elementor-element elementor-element-d121db8 elementor-widget elementor-widget-text-editor\" data-id=\"d121db8\" data-element_type=\"widget\" data-e-type=\"widget\" data-widget_type=\"text-editor.default\">\n\t\t\t\t<div class=\"elementor-widget-container\">\n\t\t\t\t\t\t\t\t\t<p>Les deux premiers ateliers peuvent \u00eatre d&rsquo;essais.<\/p>\n<p><!-- \/wp:paragraph --><!-- wp:paragraph --><\/p>\n<p>Vous commencez \u00e0 b\u00e9n\u00e9ficiez de 10% \u00e0 partir de la deuxi\u00e8me inscription pour un m\u00eame foyer, et 20% \u00e0 partir du troisi\u00e8me inscrit.<\/p>\t\t\t\t\t\t\t\t<\/div>\n\t\t\t\t<\/div>\n\t\t\t\t<div class=\"elementor-element elementor-element-eec8b12 elementor-widget elementor-widget-heading\" data-id=\"eec8b12\" data-element_type=\"widget\" data-e-type=\"widget\" data-widget_type=\"heading.default\">\n\t\t\t\t<div class=\"elementor-widget-container\">\n\t\t\t\t\t<h2 class=\"elementor-heading-title elementor-size-default\">LES INSCRIPTIONS<\/h2>\t\t\t\t<\/div>\n\t\t\t\t<\/div>\n\t\t\t\t\t<\/div>\n\t\t\t\t<\/div>\n\t\t<div class=\"elementor-element elementor-element-c10e290 e-flex e-con-boxed wpr-particle-no wpr-jarallax-no wpr-parallax-no wpr-sticky-section-no e-con e-parent\" data-id=\"c10e290\" data-element_type=\"container\" data-e-type=\"container\">\n\t\t\t\t\t<div class=\"e-con-inner\">\n\t\t\t\t<div class=\"elementor-element elementor-element-abb26f9 elementor-widget elementor-widget-text-editor\" data-id=\"abb26f9\" data-element_type=\"widget\" data-e-type=\"widget\" data-widget_type=\"text-editor.default\">\n\t\t\t\t<div class=\"elementor-widget-container\">\n\t\t\t\t\t\t\t\t\t<p>Rendez-vous<strong> le lundi 15 septembre 2025 de 17H \u00e0 19H<\/strong> \u00e0 la <a href=\"https:\/\/www.google.com\/maps?sca_esv=87b41ab4477c98ab&amp;authuser=2&amp;sxsrf=AE3TifN5wa1ItTlcfLNRpFkKsXMkiFqCvw:1749219460818&amp;iflsig=AOw8s4IAAAAAaEMGlPVe2tIzO44zJOQ56lDUi2uM1H5K&amp;gs_lp=Egdnd3Mtd2l6IhBzYWxsZSBkZXMgZsOqdGVzKgIIADITEC4YgAQYQxjHARiKBRiOBRivATILEAAYgAQYkgMYigUyCxAAGIAEGJIDGIoFMgoQABiABBgUGIcCMgsQABiABBixAxjJAzIQEC4YgAQYFBiHAhjHARivATIFEAAYgAQyBRAAGIAEMgsQLhiABBjHARivATIFEAAYgARI4hRQAFixDHAAeACQAQCYAY8BoAGKDqoBBDIuMTO4AQHIAQD4AQGYAg-gAs4OwgIEECMYJ8ICChAjGIAEGCcYigXCAgoQABiABBhDGIoFwgIOEC4YgAQYsQMYgwEYigXCAgsQABiABBixAxiDAcICCBAAGIAEGLEDwgIQEC4YgAQYQxjHARiKBRivAcICDhAAGIAEGJIDGLgEGIoFwgINEAAYgAQYQxjJAxiKBcICEBAAGIAEGLEDGEMYyQMYigXCAgsQABiABBixAxiKBZgDAJIHBDIuMTOgB7rpAbIHBDIuMTO4B84OwgcGMC4zLjEyyAc4&amp;um=1&amp;ie=UTF-8&amp;fb=1&amp;gl=fr&amp;sa=X&amp;geocode=KTHdiOxLsasSMQytIenmDhhf&amp;daddr=27+Av.+du+G%C3%A9n%C3%A9ral+de+Gaulle,+47240+Castelculier\">salle des f\u00eates de Castelculier<\/a>, en face de l&rsquo;\u00e9cole.<\/p>\n<p>La fiche d\u2019inscription est juste en dessous : remplissez-la d\u00e8s maintenant !<\/p>\t\t\t\t\t\t\t\t<\/div>\n\t\t\t\t<\/div>\n\t\t\t\t\t<\/div>\n\t\t\t\t<\/div>\n\t\t<div class=\"elementor-element elementor-element-2ca0a58 e-flex e-con-boxed wpr-particle-no wpr-jarallax-no wpr-parallax-no wpr-sticky-section-no e-con e-parent\" data-id=\"2ca0a58\" data-element_type=\"container\" data-e-type=\"container\">\n\t\t\t\t\t<div class=\"e-con-inner\">\n\t\t\t\t<div class=\"elementor-element elementor-element-c2746bf elementor-widget elementor-widget-button\" data-id=\"c2746bf\" data-element_type=\"widget\" data-e-type=\"widget\" data-widget_type=\"button.default\">\n\t\t\t\t<div class=\"elementor-widget-container\">\n\t\t\t\t\t\t\t\t\t<div class=\"elementor-button-wrapper\">\n\t\t\t\t\t<a class=\"elementor-button elementor-button-link elementor-size-sm\" href=\"http:\/\/le909.com\/wordpress\/wp-content\/uploads\/2025\/09\/fiche-inscription-2025-2026-1.pdf\" target=\"_blank\">\n\t\t\t\t\t\t<span class=\"elementor-button-content-wrapper\">\n\t\t\t\t\t\t\t\t\t<span class=\"elementor-button-text\">FICHE D'INSCRIPTION 2025 -2026<\/span>\n\t\t\t\t\t<\/span>\n\t\t\t\t\t<\/a>\n\t\t\t\t<\/div>\n\t\t\t\t\t\t\t\t<\/div>\n\t\t\t\t<\/div>\n\t\t\t\t\t<\/div>\n\t\t\t\t<\/div>\n\t\t<div class=\"elementor-element elementor-element-32fba30 e-flex e-con-boxed wpr-particle-no wpr-jarallax-no wpr-parallax-no wpr-sticky-section-no e-con e-parent\" data-id=\"32fba30\" data-element_type=\"container\" data-e-type=\"container\">\n\t\t\t\t\t<div class=\"e-con-inner\">\n\t\t\t\t<div class=\"elementor-element elementor-element-9a31d00 elementor-widget elementor-widget-heading\" data-id=\"9a31d00\" data-element_type=\"widget\" data-e-type=\"widget\" data-widget_type=\"heading.default\">\n\t\t\t\t<div class=\"elementor-widget-container\">\n\t\t\t\t\t<h2 class=\"elementor-heading-title elementor-size-default\">CONTACT<\/h2>\t\t\t\t<\/div>\n\t\t\t\t<\/div>\n\t\t\t\t\t<\/div>\n\t\t\t\t<\/div>\n\t\t<div class=\"elementor-element elementor-element-923dfea e-flex e-con-boxed wpr-particle-no wpr-jarallax-no wpr-parallax-no wpr-sticky-section-no e-con e-parent\" data-id=\"923dfea\" data-element_type=\"container\" data-e-type=\"container\">\n\t\t\t\t\t<div class=\"e-con-inner\">\n\t\t\t\t<div class=\"elementor-element elementor-element-9e86ef9 elementor-widget elementor-widget-text-editor\" data-id=\"9e86ef9\" data-element_type=\"widget\" data-e-type=\"widget\" data-widget_type=\"text-editor.default\">\n\t\t\t\t<div class=\"elementor-widget-container\">\n\t\t\t\t\t\t\t\t\t<p>Renseignez-vous en nous laissant un message !<\/p>\n<p>\ud83d\udce7 Mail : <a href=\"mailto:le909mail@gmail.com\" target=\"_blank\" rel=\"noreferrer noopener\"><strong>le909mail@gmail.com<\/strong><\/a><\/p>\n<p>\ud83d\udcde T\u00e9l\u00e9phone : <strong>06 59 16 53 88<\/strong><\/p>\t\t\t\t\t\t\t\t<\/div>\n\t\t\t\t<\/div>\n\t\t\t\t\t<\/div>\n\t\t\t\t<\/div>\n\t\t\t\t<\/div>\n\t\t","protected":false},"excerpt":{"rendered":"<p>Envie de faire d\u00e9couvrir le th\u00e9\u00e2tre \u00e0 vos enfants ou adolescents ?Votre enfant pratique d\u00e9j\u00e0 le th\u00e9\u00e2tre et souhaite se perfectionner ?Ou peut-\u00eatre avez-vous vous-m\u00eame envie de monter sur sc\u00e8ne ? Nous proposons des ateliers de th\u00e9\u00e2tre \u00e0 Castelculier (47240), \u00e0 seulement quelques minutes d\u2019Agen.\u00a0 Ces ateliers s\u2019adressent aux enfants (d\u00e8s l\u2019\u00e9cole primaire), aux adolescents et aux adultes, d\u00e9butants comme confirm\u00e9s. Ce sont des ateliers r\u00e9guliers de cr\u00e9ation artistique encadr\u00e9s par des acteurs professionnels et metteurs en sc\u00e8ne. Ils offrent la possibilit\u00e9 de s&rsquo;initier ou de se perfectionner \u00e0 l&rsquo;art de l&rsquo;acteur, \u00e0 travers des ateliers qui d\u00e9bouchent sur un spectacle en fin d&rsquo;ann\u00e9e. LES INTERVENANTES Alix Souli\u00e9 Alix Soulli\u00e9 est com\u00e9dienne et metteuse en sc\u00e8ne. Elle dirige et s&rsquo;occupe des ateliers de th\u00e9\u00e2tre de l&rsquo;association depuis de nombreuses ann\u00e9es. N\u00e9e dans les coteaux troglodytes du Lot et Garonne. Derni\u00e8re d\u2019une famille de quatre enfants, \u00e0 7 ans elle sait que son avenir sera sur sc\u00e8ne : danse, chant, violon, acrobatie, com\u00e9die .\u00a0\u00a0 Elle entre dans le cursus de l\u2019\u00e9cole Sup\u00e9rieure d\u2019 Art dramatique de Pierre D\u00e9bauche de 1997 \u00e0 2000. Plus de vingt ans apr\u00e8s, apr\u00e8s avoir enseign\u00e9 dans des centres culturels toulousains,\u00a0 \u00eatre intervenue dans des ONG, des prisons, titulaire du DNSPC, dipl\u00f4me national sup\u00e9rieur, avoir travaill\u00e9 dans l&rsquo;audiovisuel et le cin\u00e9ma, elle continue d&rsquo;affirmer son parcours d&rsquo;artiste \u00e0 la t\u00eate de sa compagnie Anomaliques, sp\u00e9cialis\u00e9e dans le travail du corps, du mouvement, ou encore du th\u00e9\u00e2tre d&rsquo;objets, elle s&rsquo;investit autant dans la cr\u00e9ation que la p\u00e9dagogie et transmet sa passion de la sc\u00e8ne et du spectacle vivant avec un enthousiasme unique et contagieux. Embauch\u00e9e aussi par la compagnie de l&rsquo;escalier qui monte \u00e0 Agen o\u00f9 elle dirige des ateliers d&rsquo;improvisations,\u00a0 vous comprendrez vite en la rencontrant qu&rsquo;elle n\u2019aime pas les escaliers et pr\u00e9f\u00e8re grimper aux arbres. Morgane Magnier Morgane Magnier est com\u00e9dienne, metteuse en sc\u00e8ne et autrice, et elle nous rejoint cette ann\u00e9e pour venir prendre en charge nos ateliers de th\u00e9\u00e2tre.\u00a0 Morgane commence le th\u00e9\u00e2tre en 2013. Elle s&rsquo;y forme dans de multiples lieux : cours amateurs, option au lyc\u00e9e, conservatoire de Bordeaux,en Corse aux 25\u00e8mes rencontres de th\u00e9\u00e2tre internationales au th\u00e9\u00e2tre des ateliers \u00e0 Aix-en-Provence, au th\u00e9\u00e2tre le Hangar \u00e0 Toulouse&#8230; En parall\u00e8le, elle joue dans plusieurs spectacles pour enfants : La Cabane, La Petite Sir\u00e8ne, Conte Givr\u00e9 &#8230; En tant que professeur de th\u00e9\u00e2tre, Morgane aime utiliser les id\u00e9es de ses \u00e9l\u00e8ves, les amenant \u00e0 mettre en sc\u00e8ne leurs propres histoires.\u00a0 Morgane les accompagne pour s&rsquo;affirmer corporellement, en travaillant sur pr\u00e9sence sc\u00e9nique et la voix, dans des exercices bas\u00e9s sur l&rsquo;imaginaire et le sensitif. L&rsquo;essentiel dans ses cours est avant tout de joyeusement d\u00e9velopper une cr\u00e9ativit\u00e9 individuelle et collective. En plus de son amour inconditionnel pour le th\u00e9\u00e2tre, Morgane aime aussi l&rsquo;\u00e9criture, la danse, la photo et la vid\u00e9o.\u00a0 Arnaud Aldig\u00e9 Arnaud Aldig\u00e9 est com\u00e9dien et metteur en sc\u00e8ne. Membre fondateur du 909 en 2012, il d\u00e9veloppe sur Castelculier et ses alentours une pratique du th\u00e9\u00e2tre ouverte \u00e0 tous et organise un Festival de th\u00e9\u00e2tre sur la commune qui a lieu tous les ans depuis 2014 \u00e0 la mi-ao\u00fbt. Riche de son parcours d&rsquo;acteur et de son exp\u00e9rience de p\u00e9dagogue dans divers domaines depuis plus de 20 ans, comme l&rsquo;aide \u00e0 la prise de parole en public, la direction de stages \u00e0 destination d&rsquo;artistes professionnels, d&rsquo;amateurs, ou de publics en difficult\u00e9, la formation du personnel p\u00e9nitentiaire \u00e0 l&rsquo;ENAP, ou la prise en charge pendant de nombreuses ann\u00e9es des ateliers du 909 pour tous les niveaux, Arnaud continue son parcours dans le th\u00e9\u00e2tre et sur Agen en \u00e9tant disponible pour \u00e9pauler Alix et Morgane et en s&rsquo;investissant dans toute la partie cr\u00e9ation artistique de l&rsquo;association le 909. LES HORAIRES Les CP\/CE1\/CE2 Lundi de 17h \u00e0 17h45\u00a0 \u00a0Les CM1\/CM2 et coll\u00e9giens\u00a0 Lundi de 18h \u00e0 19h15 \u00a0 Les Lyc\u00e9ens et Adultes\u00a0 Lundi de 19h30 \u00e0 21h30\u00a0 Les cours d\u00e9buteront le 22 septembre et auront lieu, chaque semaine, sauf pendant les vacances scolaires. Pour les CM1\/CM2 et coll\u00e9giens, en fonction du nombre d\u2019inscrits, il sera \u00e9ventuellement possible d\u2019ouvrir un cours le mercredi apr\u00e8s-midi, entre 13h30 et 18h (selon les disponibilit\u00e9s).\u00a0 LES TARIFS Les CP\/CE1\/CE2 240 euros \u00a0Les CM1\/CM2 et Coll\u00e9giens\u00a0 240 euros Les\u00a0 Lyc\u00e9ens et Adultes 300 euros Les deux premiers ateliers peuvent \u00eatre d&rsquo;essais. Vous commencez \u00e0 b\u00e9n\u00e9ficiez de 10% \u00e0 partir de la deuxi\u00e8me inscription pour un m\u00eame foyer, et 20% \u00e0 partir du troisi\u00e8me inscrit. LES INSCRIPTIONS Rendez-vous le lundi 15 septembre 2025 de 17H \u00e0 19H \u00e0 la salle des f\u00eates de Castelculier, en face de l&rsquo;\u00e9cole. La fiche d\u2019inscription est juste en dessous : remplissez-la d\u00e8s maintenant ! FICHE D&rsquo;INSCRIPTION 2025 -2026 CONTACT Renseignez-vous en nous laissant un message ! \ud83d\udce7 Mail : le909mail@gmail.com \ud83d\udcde T\u00e9l\u00e9phone : 06 59 16 53 88<\/p>\n","protected":false},"author":1,"featured_media":0,"parent":0,"menu_order":0,"comment_status":"closed","ping_status":"closed","template":"","meta":{"footnotes":""},"class_list":["post-153","page","type-page","status-publish","hentry"],"_links":{"self":[{"href":"https:\/\/le909.com\/wordpress\/wp-json\/wp\/v2\/pages\/153","targetHints":{"allow":["GET"]}}],"collection":[{"href":"https:\/\/le909.com\/wordpress\/wp-json\/wp\/v2\/pages"}],"about":[{"href":"https:\/\/le909.com\/wordpress\/wp-json\/wp\/v2\/types\/page"}],"author":[{"embeddable":true,"href":"https:\/\/le909.com\/wordpress\/wp-json\/wp\/v2\/users\/1"}],"replies":[{"embeddable":true,"href":"https:\/\/le909.com\/wordpress\/wp-json\/wp\/v2\/comments?post=153"}],"version-history":[{"count":137,"href":"https:\/\/le909.com\/wordpress\/wp-json\/wp\/v2\/pages\/153\/revisions"}],"predecessor-version":[{"id":2377,"href":"https:\/\/le909.com\/wordpress\/wp-json\/wp\/v2\/pages\/153\/revisions\/2377"}],"wp:attachment":[{"href":"https:\/\/le909.com\/wordpress\/wp-json\/wp\/v2\/media?parent=153"}],"curies":[{"name":"wp","href":"https:\/\/api.w.org\/{rel}","templated":true}]}}